{"id":2014,"date":"2020-02-18T06:10:55","date_gmt":"2020-02-18T06:10:55","guid":{"rendered":"http:\/\/jorgefajardotenor.com\/?page_id=2014"},"modified":"2025-02-11T20:45:35","modified_gmt":"2025-02-12T02:45:35","slug":"semblanza","status":"publish","type":"page","link":"https:\/\/jorgefajardotenor.com\/fr\/semblanza\/","title":{"rendered":"Portrait"},"content":{"rendered":"<div class=\"wpb-content-wrapper\"><p>[vc_row gap=\u00a0\u00bb35&Prime; css=\u00a0\u00bb.vc_custom_1586463791162{margin-right: 50px !important;margin-left: 50px !important;}\u00a0\u00bb][vc_column width=\u00a0\u00bb1\/2&Prime;][vc_column_text css_animation=\u00a0\u00bbzoomInDown\u00a0\u00bb css=\u00a0\u00bb\u00a0\u00bb]Le t\u00e9nor mexicain Jorge Fajardo est titulaire d&rsquo;une licence en chant et d\u2019une ma\u00eetrise en Interpr\u00e9tation de la Musique Mexicaine de Concert au Conservatoire National de Musique.<\/p>\n<p>Monsieur Fajardo a interpr\u00e9t\u00e9 plus de dix-sept r\u00f4les-titres dans le domaine de l\u2019op\u00e9ra baroque, de l\u2019op\u00e9ra romantique, de l\u2019op\u00e9rette, de la zarzuela, de la com\u00e9die musicale et du r\u00e9pertoire de concerts.<\/p>\n<p>Il a fait des r\u00e9citals en Isra\u00ebl, Allemagne, en Autriche, au Br\u00e9sil, au Canada, en Espagne, en France, au Venezuela et dans le Carnegie Hall \u00e0 New York.<\/p>\n<p>En outre, en tant qu\u2019acteur, il a partag\u00e9 des sc\u00e8nes avec de grands acteurs tels que Ang\u00e9lica Arag\u00f3n, Aron Hernandez, Roberto D\u2019Amico, Juan Ignacio Aranda et Paulina de Labra. Gr\u00e2ce \u00e0 son talent il a remport\u00e9 le prix \u00ab Gaviota Maricela Lara \u00bb dans la cat\u00e9gorie acteur et t\u00e9nor d\u00e9butant.<\/p>\n<p>Il combine actuellement ses diff\u00e9rentes activit\u00e9s avec celle de directeur choral, de 2016 \u00e0 2019 en tant que propri\u00e9taire de la Choeur de l\u2019Institut Goethe Mexiko et, actuellement, en tant que directeur de la Coral Caliopus de CENLEX Santo Tomas IPN.<br \/>\nIl enseigne \u00e9galement le chant depuis plus de quatorze ans \u00e0 l&rsquo;Acad\u00e9mie Fajardo Arontes.[\/vc_column_text][\/vc_column][vc_column width=\u00a0\u00bb1\/2&Prime;][vc_images_carousel images=\u00a0\u00bb2357,2580,2583&Prime; img_size=\u00a0\u00bbfull\u00a0\u00bb onclick=\u00a0\u00bblink_no\u00a0\u00bb speed=\u00a0\u00bb4000&Prime; autoplay=\u00a0\u00bbyes\u00a0\u00bb wrap=\u00a0\u00bbyes\u00a0\u00bb css_animation=\u00a0\u00bbfadeInRightBig\u00a0\u00bb css=\u00a0\u00bb.vc_custom_1586464128190{padding-right: 30px !important;padding-left: 30px !important;}\u00a0\u00bb][\/vc_column][\/vc_row]<\/p>\n<\/div>","protected":false},"excerpt":{"rendered":"<p>[vc_row gap=\u00a0\u00bb35&Prime; css=\u00a0\u00bb.vc_custom_1586463791162{margin-right: 50px !important;margin-left: 50px !important;}\u00a0\u00bb][vc_column width=\u00a0\u00bb1\/2&Prime;][vc_column_text css_animation=\u00a0\u00bbzoomInDown\u00a0\u00bb css=\u00a0\u00bb\u00a0\u00bb]Le t\u00e9nor mexicain Jorge Fajardo est titulaire d&rsquo;une licence en chant et d\u2019une ma\u00eetrise en Interpr\u00e9tation de la Musique Mexicaine de Concert au Conservatoire National de Musique. Monsieur Fajardo a interpr\u00e9t\u00e9 plus de dix-sept r\u00f4les-titres dans le domaine de l\u2019op\u00e9ra baroque, [&hellip;]<\/p>\n","protected":false},"author":2,"featured_media":0,"parent":0,"menu_order":0,"comment_status":"closed","ping_status":"closed","template":"","meta":{"footnotes":""},"yst_prominent_words":[345,328,304,334,488,374,347,322,120,330,343,112,351,327,325,28],"class_list":["post-2014","page","type-page","status-publish","hentry"],"_links":{"self":[{"href":"https:\/\/jorgefajardotenor.com\/fr\/wp-json\/wp\/v2\/pages\/2014"}],"collection":[{"href":"https:\/\/jorgefajardotenor.com\/fr\/wp-json\/wp\/v2\/pages"}],"about":[{"href":"https:\/\/jorgefajardotenor.com\/fr\/wp-json\/wp\/v2\/types\/page"}],"author":[{"embeddable":true,"href":"https:\/\/jorgefajardotenor.com\/fr\/wp-json\/wp\/v2\/users\/2"}],"replies":[{"embeddable":true,"href":"https:\/\/jorgefajardotenor.com\/fr\/wp-json\/wp\/v2\/comments?post=2014"}],"version-history":[{"count":44,"href":"https:\/\/jorgefajardotenor.com\/fr\/wp-json\/wp\/v2\/pages\/2014\/revisions"}],"predecessor-version":[{"id":3724,"href":"https:\/\/jorgefajardotenor.com\/fr\/wp-json\/wp\/v2\/pages\/2014\/revisions\/3724"}],"wp:attachment":[{"href":"https:\/\/jorgefajardotenor.com\/fr\/wp-json\/wp\/v2\/media?parent=2014"}],"wp:term":[{"taxonomy":"yst_prominent_words","embeddable":true,"href":"https:\/\/jorgefajardotenor.com\/fr\/wp-json\/wp\/v2\/yst_prominent_words?post=2014"}],"curies":[{"name":"wp","href":"https:\/\/api.w.org\/{rel}","templated":true}]}}